{"id":112,"date":"2018-05-04T17:07:15","date_gmt":"2018-05-04T15:07:15","guid":{"rendered":"http:\/\/climlattes.com\/?page_id=112"},"modified":"2018-05-19T09:40:06","modified_gmt":"2018-05-19T07:40:06","slug":"les-climatiseurs-mitsubishi","status":"publish","type":"page","link":"https:\/\/climlattes.com\/index.php\/les-climatiseurs-mitsubishi\/","title":{"rendered":"Les climatiseurs Mitsubishi"},"content":{"rendered":"<p>[et_pb_section fb_built=\u00a0\u00bb1&Prime; background_color=\u00a0\u00bb#2676b7&Prime; _builder_version=\u00a0\u00bb3.0.98&Prime; parallax=\u00a0\u00bbon\u00a0\u00bb custom_padding=\u00a0\u00bb9px|0px|54px|0px\u00a0\u00bb][et_pb_row custom_padding=\u00a0\u00bb0px|0px|40px|0px\u00a0\u00bb _builder_version=\u00a0\u00bb3.0.98&Prime; background_size=\u00a0\u00bbinitial\u00a0\u00bb background_position=\u00a0\u00bbtop_left\u00a0\u00bb background_repeat=\u00a0\u00bbrepeat\u00a0\u00bb][et_pb_column type=\u00a0\u00bb4_4&Prime; _builder_version=\u00a0\u00bb3.0.47&Prime; parallax=\u00a0\u00bboff\u00a0\u00bb parallax_method=\u00a0\u00bbon\u00a0\u00bb][et_pb_divider height=\u00a0\u00bb60&Prime; disabled_on=\u00a0\u00bbon|on|off\u00a0\u00bb admin_label=\u00a0\u00bbDivider\u00a0\u00bb _builder_version=\u00a0\u00bb3.0.47&Prime;][\/et_pb_divider][et_pb_text background_layout=\u00a0\u00bbdark\u00a0\u00bb admin_label=\u00a0\u00bbText\u00a0\u00bb _builder_version=\u00a0\u00bb3.0.98&Prime; background_size=\u00a0\u00bbinitial\u00a0\u00bb background_position=\u00a0\u00bbtop_left\u00a0\u00bb background_repeat=\u00a0\u00bbrepeat\u00a0\u00bb text_orientation=\u00a0\u00bbcenter\u00a0\u00bb module_alignment=\u00a0\u00bbcenter\u00a0\u00bb]<\/p>\n<h2>Les climatiseurs Mitsubishi Electric<\/h2>\n<p>[\/et_pb_text][et_pb_text _builder_version=\u00a0\u00bb3.0.98&Prime; text_font=\u00a0\u00bb||||||||\u00a0\u00bb text_text_color=\u00a0\u00bb#ffffff\u00a0\u00bb]<\/p>\n<h4 style=\"text-align: center;\"><span style=\"color: #ffffff;\">Des gammes silencieuses, intelligentes et design, pour un confort d&rsquo;utilisation optimal.<\/span><\/h4>\n<p>[\/et_pb_text][et_pb_image src=\u00a0\u00bbhttp:\/\/climlattes.com\/wp-content\/uploads\/2018\/05\/CLIM-LATTES.jpg\u00a0\u00bb align=\u00a0\u00bbcenter\u00a0\u00bb _builder_version=\u00a0\u00bb3.0.98&Prime; border_radii=\u00a0\u00bbon|2px|2px|2px|2px\u00a0\u00bb][\/et_pb_image][\/et_pb_column][\/et_pb_row][et_pb_row _builder_version=\u00a0\u00bb3.0.98&Prime; background_size=\u00a0\u00bbinitial\u00a0\u00bb background_position=\u00a0\u00bbtop_left\u00a0\u00bb background_repeat=\u00a0\u00bbrepeat\u00a0\u00bb][et_pb_column type=\u00a0\u00bb1_4&Prime; _builder_version=\u00a0\u00bb3.0.47&Prime; parallax=\u00a0\u00bboff\u00a0\u00bb parallax_method=\u00a0\u00bbon\u00a0\u00bb][et_pb_blurb title=\u00a0\u00bbUn confort et une qualit\u00e9 incomparable\u00a0\u00bb use_icon=\u00a0\u00bbon\u00a0\u00bb font_icon=\u00a0\u00bb%%141%%\u00a0\u00bb icon_color=\u00a0\u00bb#2ea3f2&Prime; use_circle=\u00a0\u00bbon\u00a0\u00bb circle_color=\u00a0\u00bb#0d2035&Prime; background_layout=\u00a0\u00bbdark\u00a0\u00bb admin_label=\u00a0\u00bbBlurb\u00a0\u00bb _builder_version=\u00a0\u00bb3.0.98&Prime; background_size=\u00a0\u00bbinitial\u00a0\u00bb background_position=\u00a0\u00bbtop_left\u00a0\u00bb background_repeat=\u00a0\u00bbrepeat\u00a0\u00bb text_orientation=\u00a0\u00bbcenter\u00a0\u00bb]Des performances sans cesse am\u00e9lior\u00e9es afin de garantir aux utilisateurs une exp\u00e9rience unique \u00e9t\u00e9 comme hiver.<br \/>\n[\/et_pb_blurb][\/et_pb_column][et_pb_column type=\u00a0\u00bb1_4&Prime; _builder_version=\u00a0\u00bb3.0.47&Prime; parallax=\u00a0\u00bboff\u00a0\u00bb parallax_method=\u00a0\u00bbon\u00a0\u00bb][et_pb_blurb title=\u00a0\u00bbUn fonctionnement silencieux\u00a0\u00bb use_icon=\u00a0\u00bbon\u00a0\u00bb font_icon=\u00a0\u00bb%%132%%\u00a0\u00bb icon_color=\u00a0\u00bb#2ad4e0&Prime; use_circle=\u00a0\u00bbon\u00a0\u00bb circle_color=\u00a0\u00bb#0d2035&Prime; background_layout=\u00a0\u00bbdark\u00a0\u00bb admin_label=\u00a0\u00bbBlurb\u00a0\u00bb _builder_version=\u00a0\u00bb3.0.98&Prime; background_size=\u00a0\u00bbinitial\u00a0\u00bb background_position=\u00a0\u00bbtop_left\u00a0\u00bb background_repeat=\u00a0\u00bbrepeat\u00a0\u00bb text_orientation=\u00a0\u00bbcenter\u00a0\u00bb]Les climatiseurs Mitsubishi sont extr\u00eamement silencieux. Un confort \u00e0 ne surtout pas n\u00e9gliger lors de votre acquisition.<br \/>\n[\/et_pb_blurb][\/et_pb_column][et_pb_column type=\u00a0\u00bb1_4&Prime; _builder_version=\u00a0\u00bb3.0.47&Prime; parallax=\u00a0\u00bboff\u00a0\u00bb parallax_method=\u00a0\u00bbon\u00a0\u00bb][et_pb_blurb title=\u00a0\u00bbDes produits innovants et technologiques\u00a0\u00bb use_icon=\u00a0\u00bbon\u00a0\u00bb font_icon=\u00a0\u00bb%%175%%\u00a0\u00bb icon_color=\u00a0\u00bb#9633e8&Prime; use_circle=\u00a0\u00bbon\u00a0\u00bb circle_color=\u00a0\u00bb#0d2035&Prime; background_layout=\u00a0\u00bbdark\u00a0\u00bb admin_label=\u00a0\u00bbBlurb\u00a0\u00bb _builder_version=\u00a0\u00bb3.0.98&Prime; background_size=\u00a0\u00bbinitial\u00a0\u00bb background_position=\u00a0\u00bbtop_left\u00a0\u00bb background_repeat=\u00a0\u00bbrepeat\u00a0\u00bb text_orientation=\u00a0\u00bbcenter\u00a0\u00bb]Mitsubishi Electric conjugue\u00a0 innovations technologiques, confort d\u2019utilisation et optimisation \u00e9nerg\u00e9tique.<br \/>\n[\/et_pb_blurb][\/et_pb_column][et_pb_column type=\u00a0\u00bb1_4&Prime; _builder_version=\u00a0\u00bb3.0.47&Prime; parallax=\u00a0\u00bboff\u00a0\u00bb parallax_method=\u00a0\u00bbon\u00a0\u00bb][et_pb_blurb title=\u00a0\u00bbUne r\u00e9duction des \u00e9missions de CO2&Prime; use_icon=\u00a0\u00bbon\u00a0\u00bb font_icon=\u00a0\u00bb%%289%%\u00a0\u00bb icon_color=\u00a0\u00bb#d85fd6&Prime; use_circle=\u00a0\u00bbon\u00a0\u00bb circle_color=\u00a0\u00bb#0d2035&Prime; background_layout=\u00a0\u00bbdark\u00a0\u00bb admin_label=\u00a0\u00bbBlurb\u00a0\u00bb _builder_version=\u00a0\u00bb3.0.98&Prime; background_size=\u00a0\u00bbinitial\u00a0\u00bb background_position=\u00a0\u00bbtop_left\u00a0\u00bb background_repeat=\u00a0\u00bbrepeat\u00a0\u00bb text_orientation=\u00a0\u00bbcenter\u00a0\u00bb]En choisissant Mistsubishi vous contribuez \u00e0 la r\u00e9duction des \u00e9missions de CO2 et r\u00e9alisez des \u00e9conomies sur votre facture.<br \/>\n[\/et_pb_blurb][\/et_pb_column][\/et_pb_row][\/et_pb_section][et_pb_section fb_built=\u00a0\u00bb1&Prime; background_color=\u00a0\u00bb#f7f7f7&Prime; module_id=\u00a0\u00bblayouts\u00a0\u00bb _builder_version=\u00a0\u00bb3.0.98&Prime;][et_pb_row custom_padding=\u00a0\u00bb6px|0px|27px|0px\u00a0\u00bb _builder_version=\u00a0\u00bb3.0.47&Prime; background_size=\u00a0\u00bbinitial\u00a0\u00bb background_position=\u00a0\u00bbtop_left\u00a0\u00bb background_repeat=\u00a0\u00bbrepeat\u00a0\u00bb][et_pb_column type=\u00a0\u00bb1_2&Prime; _builder_version=\u00a0\u00bb3.0.47&Prime; parallax=\u00a0\u00bboff\u00a0\u00bb parallax_method=\u00a0\u00bbon\u00a0\u00bb][et_pb_image src=\u00a0\u00bbhttp:\/\/climlattes.com\/wp-content\/uploads\/2018\/05\/MSZ-HJ.jpg\u00a0\u00bb _builder_version=\u00a0\u00bb3.0.98&Prime; animation_style=\u00a0\u00bbslide\u00a0\u00bb animation_direction=\u00a0\u00bbright\u00a0\u00bb animation_duration=\u00a0\u00bb500ms\u00a0\u00bb animation_intensity_slide=\u00a0\u00bb10%\u00a0\u00bb animation=\u00a0\u00bbright\u00a0\u00bb][\/et_pb_image][\/et_pb_column][et_pb_column type=\u00a0\u00bb1_2&Prime; _builder_version=\u00a0\u00bb3.0.47&Prime; parallax=\u00a0\u00bboff\u00a0\u00bb parallax_method=\u00a0\u00bbon\u00a0\u00bb][et_pb_divider height=\u00a0\u00bb18px\u00a0\u00bb disabled_on=\u00a0\u00bbon|on|off\u00a0\u00bb admin_label=\u00a0\u00bbDivider\u00a0\u00bb _builder_version=\u00a0\u00bb3.0.98&Prime;][\/et_pb_divider][et_pb_cta title=\u00a0\u00bbGamme murale MSZ &#8211; DM \/ HJ\u00a0\u00bb button_url=\u00a0\u00bbhttps:\/\/climlattes.com\/index.php\/87-2\/\u00a0\u00bb button_text=\u00a0\u00bbVoir les tarifs\u00a0\u00bb use_background_color=\u00a0\u00bboff\u00a0\u00bb background_layout=\u00a0\u00bblight\u00a0\u00bb admin_label=\u00a0\u00bbCall To Action\u00a0\u00bb _builder_version=\u00a0\u00bb3.0.98&Prime; background_size=\u00a0\u00bbinitial\u00a0\u00bb background_position=\u00a0\u00bbtop_left\u00a0\u00bb background_repeat=\u00a0\u00bbrepeat\u00a0\u00bb text_orientation=\u00a0\u00bbleft\u00a0\u00bb]Fonctionnement incroyablement silencieux.\u00a0T\u00e9l\u00e9commande infrarouge compacte pour acc\u00e9der \u00e0 tous les r\u00e9glages de l\u2019appareil.\u00a0Fonctions adapt\u00e9es \u00e0 un confort au quotidien.\u00a0Red\u00e9marrage automatique en cas de coupure de courant aux m\u00eames conditions de fonctionnement.\u00a0Vitesse de ventilation automatique.\u00a0Balayage vertical du flux d\u2019air.\u00a0Panneau frontal plat pour un nettoyage facile.<br \/>\n[\/et_pb_cta][\/et_pb_column][\/et_pb_row][et_pb_row _builder_version=\u00a0\u00bb3.0.47&Prime; background_size=\u00a0\u00bbinitial\u00a0\u00bb background_position=\u00a0\u00bbtop_left\u00a0\u00bb background_repeat=\u00a0\u00bbrepeat\u00a0\u00bb][et_pb_column type=\u00a0\u00bb1_2&Prime; _builder_version=\u00a0\u00bb3.0.47&Prime; parallax=\u00a0\u00bboff\u00a0\u00bb parallax_method=\u00a0\u00bbon\u00a0\u00bb][et_pb_divider height=\u00a0\u00bb40&Prime; disabled_on=\u00a0\u00bbon|on|off\u00a0\u00bb admin_label=\u00a0\u00bbDivider\u00a0\u00bb _builder_version=\u00a0\u00bb3.0.47&Prime;][\/et_pb_divider][et_pb_cta title=\u00a0\u00bbGamme murale MSZ &#8211; SF \u00a0\u00bb button_url=\u00a0\u00bbhttps:\/\/climlattes.com\/index.php\/87-2\/\u00a0\u00bb button_text=\u00a0\u00bbVoir les tarifs\u00a0\u00bb use_background_color=\u00a0\u00bboff\u00a0\u00bb background_layout=\u00a0\u00bblight\u00a0\u00bb admin_label=\u00a0\u00bbCall To Action\u00a0\u00bb _builder_version=\u00a0\u00bb3.0.98&Prime; background_size=\u00a0\u00bbinitial\u00a0\u00bb background_position=\u00a0\u00bbtop_left\u00a0\u00bb background_repeat=\u00a0\u00bbrepeat\u00a0\u00bb text_orientation=\u00a0\u00bbright\u00a0\u00bb]Un niveau sonore extr\u00eamement faible.\u00a0<span style=\"font-size: 14px;\">Double flux d\u2019air pour plus de confort.\u00a0<\/span><span style=\"font-size: 14px;\">Fonction anti-bact\u00e9rienne qui garantit un air purifi\u00e9, gr\u00e2ce aux particules platine-c\u00e9ramique, contenus dans le filtre.<br \/>\n<\/span><span style=\"font-size: 14px;\">28 plages de fonctionnement programmables pour d\u00e9finir les param\u00e8tres de l\u2019appareil..\u00a0<\/span><span style=\"font-size: 14px;\">Compatible avec l\u2019interface Wi-Fi Mitsubishi Electric pour contr\u00f4ler votre installation de chauffage et rafra\u00eechissement \u00e0 distance gr\u00e2ce \u00e0 votre smartphone, tablette ou ordinateur.<\/span><br \/>\n[\/et_pb_cta][\/et_pb_column][et_pb_column type=\u00a0\u00bb1_2&Prime; _builder_version=\u00a0\u00bb3.0.47&Prime; parallax=\u00a0\u00bboff\u00a0\u00bb parallax_method=\u00a0\u00bbon\u00a0\u00bb][et_pb_image src=\u00a0\u00bbhttp:\/\/climlattes.com\/wp-content\/uploads\/2018\/05\/MSZ-SF.jpg\u00a0\u00bb _builder_version=\u00a0\u00bb3.0.98&Prime; animation_style=\u00a0\u00bbslide\u00a0\u00bb animation_direction=\u00a0\u00bbleft\u00a0\u00bb animation_duration=\u00a0\u00bb500ms\u00a0\u00bb animation_intensity_slide=\u00a0\u00bb10%\u00a0\u00bb animation=\u00a0\u00bbleft\u00a0\u00bb][\/et_pb_image][\/et_pb_column][\/et_pb_row][\/et_pb_section][et_pb_section fb_built=\u00a0\u00bb1&Prime; _builder_version=\u00a0\u00bb3.0.98&Prime; custom_padding=\u00a0\u00bb59px|0px|0px|0px\u00a0\u00bb global_module=\u00a0\u00bb499&Prime;][et_pb_row make_fullwidth=\u00a0\u00bbon\u00a0\u00bb custom_padding=\u00a0\u00bb27px|0px|0px|0px\u00a0\u00bb _builder_version=\u00a0\u00bb3.0.98&Prime; background_size=\u00a0\u00bbinitial\u00a0\u00bb background_position=\u00a0\u00bbtop_left\u00a0\u00bb background_repeat=\u00a0\u00bbrepeat\u00a0\u00bb][et_pb_column type=\u00a0\u00bb1_4&Prime; _builder_version=\u00a0\u00bb3.0.47&Prime; parallax=\u00a0\u00bboff\u00a0\u00bb parallax_method=\u00a0\u00bbon\u00a0\u00bb][et_pb_blurb title=\u00a0\u00bbVotre clim \u00e0 partir de 1150\u20ac*\u00a0\u00bb url=\u00a0\u00bbhttps:\/\/climlattes.com\/index.php\/87-2\/\u00a0\u00bb icon_color=\u00a0\u00bb#2ea3f2&Prime; image=\u00a0\u00bbhttp:\/\/climlattes.com\/wp-content\/uploads\/2018\/05\/airconditionne-copie.jpg\u00a0\u00bb admin_label=\u00a0\u00bbBlurb\u00a0\u00bb _builder_version=\u00a0\u00bb3.0.98&Prime; header_font=\u00a0\u00bb|600|||||||\u00a0\u00bb background_size=\u00a0\u00bbinitial\u00a0\u00bb background_position=\u00a0\u00bbtop_left\u00a0\u00bb background_repeat=\u00a0\u00bbrepeat\u00a0\u00bb border_radii_image=\u00a0\u00bbon|2px|2px|2px|2px\u00a0\u00bb text_orientation=\u00a0\u00bbcenter\u00a0\u00bb]<\/p>\n<p>* Jusqu\u2019\u00e0 25m\u00b2 (selon isolation), pose\u00a0 en dos \u00e0 dos. Alimentation \u00e9lectrique \u00e0 moins de 2m.<\/p>\n<p>[\/et_pb_blurb][\/et_pb_column][et_pb_column type=\u00a0\u00bb1_4&Prime; _builder_version=\u00a0\u00bb3.0.47&Prime; parallax=\u00a0\u00bboff\u00a0\u00bb parallax_method=\u00a0\u00bbon\u00a0\u00bb][et_pb_blurb title=\u00a0\u00bbLes garanties CLIM LATTES\u00a0\u00bb url=\u00a0\u00bbhttps:\/\/climlattes.com\/index.php\/87-2\/\u00a0\u00bb icon_color=\u00a0\u00bb#2ea3f2&Prime; image=\u00a0\u00bbhttp:\/\/climlattes.com\/wp-content\/uploads\/2018\/05\/garanties-climlattes-2.jpg\u00a0\u00bb admin_label=\u00a0\u00bbBlurb\u00a0\u00bb _builder_version=\u00a0\u00bb3.0.98&Prime; header_font=\u00a0\u00bb|600|||||||\u00a0\u00bb background_size=\u00a0\u00bbinitial\u00a0\u00bb background_position=\u00a0\u00bbtop_left\u00a0\u00bb background_repeat=\u00a0\u00bbrepeat\u00a0\u00bb border_radii_image=\u00a0\u00bbon|2px|2px|2px|2px\u00a0\u00bb text_orientation=\u00a0\u00bbcenter\u00a0\u00bb]<\/p>\n<p>CLIM LATTES garantie ses installations 3 ans pi\u00e8ces, main d&rsquo;oeuvre et d\u00e9placement sur Lattes (et rayon 10 km). 5 ans sur les compresseurs.<\/p>\n<p>[\/et_pb_blurb][\/et_pb_column][et_pb_column type=\u00a0\u00bb1_4&Prime; _builder_version=\u00a0\u00bb3.0.47&Prime; parallax=\u00a0\u00bboff\u00a0\u00bb parallax_method=\u00a0\u00bbon\u00a0\u00bb][et_pb_blurb title=\u00a0\u00bbQuelle clim est faite pour vous ?\u00a0\u00bb url=\u00a0\u00bbhttps:\/\/climlattes.com\/index.php\/comprendre-votre-climatiseur\/\u00a0\u00bb icon_color=\u00a0\u00bb#2ea3f2&Prime; image=\u00a0\u00bbhttp:\/\/climlattes.com\/wp-content\/uploads\/2018\/05\/vignette-2.jpg\u00a0\u00bb admin_label=\u00a0\u00bbBlurb\u00a0\u00bb _builder_version=\u00a0\u00bb3.0.98&Prime; header_font=\u00a0\u00bb|600|||||||\u00a0\u00bb background_size=\u00a0\u00bbinitial\u00a0\u00bb background_position=\u00a0\u00bbtop_left\u00a0\u00bb background_repeat=\u00a0\u00bbrepeat\u00a0\u00bb border_radii_image=\u00a0\u00bbon|2px|2px|2px|2px\u00a0\u00bb text_orientation=\u00a0\u00bbcenter\u00a0\u00bb]<\/p>\n<p>D\u00e9couvrez et comprennez pourquoi les termes : r\u00e9versible, PAC et COP sont importants dans le choix de votre mod\u00e8le de climatisation.<\/p>\n<p>[\/et_pb_blurb][\/et_pb_column][et_pb_column type=\u00a0\u00bb1_4&Prime; _builder_version=\u00a0\u00bb3.0.47&Prime; parallax=\u00a0\u00bboff\u00a0\u00bb parallax_method=\u00a0\u00bbon\u00a0\u00bb][et_pb_blurb title=\u00a0\u00bbD\u00e9pannage &#038; maintenance\u00a0\u00bb url=\u00a0\u00bbhttps:\/\/climlattes.com\/index.php\/depannage\/\u00a0\u00bb icon_color=\u00a0\u00bb#2ea3f2&Prime; image=\u00a0\u00bbhttp:\/\/climlattes.com\/wp-content\/uploads\/2018\/05\/depannage-clim-lattes.jpg\u00a0\u00bb admin_label=\u00a0\u00bbBlurb\u00a0\u00bb _builder_version=\u00a0\u00bb3.0.98&Prime; header_font=\u00a0\u00bb|600|||||||\u00a0\u00bb background_size=\u00a0\u00bbinitial\u00a0\u00bb background_position=\u00a0\u00bbtop_left\u00a0\u00bb background_repeat=\u00a0\u00bbrepeat\u00a0\u00bb border_radii_image=\u00a0\u00bbon|2px|2px|2px|2px\u00a0\u00bb text_orientation=\u00a0\u00bbcenter\u00a0\u00bb]<\/p>\n<p>Votre climatisation est tomb\u00e9e en panne ?<br \/> Ou pour la maintenance de votre appareil, contactez-nous.<\/p>\n<p>[\/et_pb_blurb][et_pb_text _builder_version=\u00a0\u00bb3.0.98&Prime;]<\/p>\n<p>[\/et_pb_text][et_pb_text _builder_version=\u00a0\u00bb3.0.98&Prime;]<\/p>\n<p>[\/et_pb_text][\/et_pb_column][\/et_pb_row][\/et_pb_section][et_pb_section fb_built=\u00a0\u00bb1&Prime; background_color=\u00a0\u00bb#efefef\u00a0\u00bb _builder_version=\u00a0\u00bb3.0.98&Prime; custom_padding=\u00a0\u00bb0px|0px|54px|0px\u00a0\u00bb global_module=\u00a0\u00bb466&Prime;][et_pb_row custom_padding=\u00a0\u00bb40px|0px|27px|0px\u00a0\u00bb _builder_version=\u00a0\u00bb3.0.98&Prime;][et_pb_column type=\u00a0\u00bb4_4&Prime; _builder_version=\u00a0\u00bb3.0.47&Prime; parallax=\u00a0\u00bboff\u00a0\u00bb parallax_method=\u00a0\u00bbon\u00a0\u00bb][et_pb_contact_form captcha=\u00a0\u00bboff\u00a0\u00bb email=\u00a0\u00bbclement1707@gmail.com \u00a0\u00bb title=\u00a0\u00bbUn devis ? Une question ? Contactez-nous !\u00a0\u00bb success_message=\u00a0\u00bbMerci de votre message, nous y r\u00e9pondrons d\u00e8s que possible\u00a0\u00bb module_id=\u00a0\u00bbet_pb_contact_form_0&Prime; _builder_version=\u00a0\u00bb3.0.98&Prime; title_font=\u00a0\u00bb||||||||\u00a0\u00bb title_font_size=\u00a0\u00bb17px\u00a0\u00bb form_field_font=\u00a0\u00bb||||||||\u00a0\u00bb][et_pb_contact_field field_id=\u00a0\u00bbName\u00a0\u00bb field_title=\u00a0\u00bbNom\u00a0\u00bb field_background_color=\u00a0\u00bb#ffffff\u00a0\u00bb _builder_version=\u00a0\u00bb3.0.98&Prime; form_field_font=\u00a0\u00bb||||||||\u00a0\u00bb border_radii=\u00a0\u00bbon||||\u00a0\u00bb][\/et_pb_contact_field][et_pb_contact_field field_id=\u00a0\u00bbEmail\u00a0\u00bb field_title=\u00a0\u00bbAdresse e-mail\u00a0\u00bb field_type=\u00a0\u00bbemail\u00a0\u00bb field_background_color=\u00a0\u00bb#ffffff\u00a0\u00bb _builder_version=\u00a0\u00bb3.0.98&Prime; form_field_font=\u00a0\u00bb||||||||\u00a0\u00bb border_radii=\u00a0\u00bbon||||\u00a0\u00bb][\/et_pb_contact_field][et_pb_contact_field field_id=\u00a0\u00bbt\u00e9l\u00e9phone\u00a0\u00bb field_title=\u00a0\u00bbT\u00e9l\u00e9phone\u00a0\u00bb fullwidth_field=\u00a0\u00bbon\u00a0\u00bb field_background_color=\u00a0\u00bb#ffffff\u00a0\u00bb _builder_version=\u00a0\u00bb3.0.98&Prime;][\/et_pb_contact_field][et_pb_contact_field field_id=\u00a0\u00bbMessage\u00a0\u00bb field_title=\u00a0\u00bbMessage\u00a0\u00bb field_type=\u00a0\u00bbtext\u00a0\u00bb fullwidth_field=\u00a0\u00bbon\u00a0\u00bb field_background_color=\u00a0\u00bb#ffffff\u00a0\u00bb _builder_version=\u00a0\u00bb3.0.98&Prime; form_field_font=\u00a0\u00bb||||||||\u00a0\u00bb border_radii=\u00a0\u00bbon||||\u00a0\u00bb][\/et_pb_contact_field][\/et_pb_contact_form][et_pb_text _builder_version=\u00a0\u00bb3.0.98&Prime;]<\/p>\n<p><em>En soumettant ce formulaire, vous acceptez que les informations saisies soient utilis\u00e9es pour permettre de vous recontacter en retour dans le cadre d&rsquo;une demande de devis, de renseignements etc&#8230; Pour plus d&rsquo;informations, consultez notre <a href=\"https:\/\/climlattes.com\/index.php\/politique-de-confidentialite\/\">politique de confidentialit\u00e9.<\/a><\/em><\/p>\n<p>[\/et_pb_text][\/et_pb_column][\/et_pb_row][\/et_pb_section]<\/p>\n","protected":false},"excerpt":{"rendered":"<p>Les climatiseurs Mitsubishi Electric Des gammes silencieuses, intelligentes et design, pour un confort d&rsquo;utilisation optimal. Des performances sans cesse am\u00e9lior\u00e9es afin de garantir aux utilisateurs une exp\u00e9rience unique \u00e9t\u00e9 comme hiver. Les climatiseurs Mitsubishi sont extr\u00eamement silencieux. Un confort \u00e0 ne surtout pas n\u00e9gliger lors de votre acquisition. Mitsubishi Electric conjugue\u00a0 innovations technologiques, confort d\u2019utilisation [&hellip;]<\/p>\n","protected":false},"author":1,"featured_media":0,"parent":0,"menu_order":0,"comment_status":"closed","ping_status":"closed","template":"","meta":{"_et_pb_use_builder":"on","_et_pb_old_content":"","_et_gb_content_width":""},"_links":{"self":[{"href":"https:\/\/climlattes.com\/index.php\/wp-json\/wp\/v2\/pages\/112"}],"collection":[{"href":"https:\/\/climlattes.com\/index.php\/wp-json\/wp\/v2\/pages"}],"about":[{"href":"https:\/\/climlattes.com\/index.php\/wp-json\/wp\/v2\/types\/page"}],"author":[{"embeddable":true,"href":"https:\/\/climlattes.com\/index.php\/wp-json\/wp\/v2\/users\/1"}],"replies":[{"embeddable":true,"href":"https:\/\/climlattes.com\/index.php\/wp-json\/wp\/v2\/comments?post=112"}],"version-history":[{"count":21,"href":"https:\/\/climlattes.com\/index.php\/wp-json\/wp\/v2\/pages\/112\/revisions"}],"predecessor-version":[{"id":509,"href":"https:\/\/climlattes.com\/index.php\/wp-json\/wp\/v2\/pages\/112\/revisions\/509"}],"wp:attachment":[{"href":"https:\/\/climlattes.com\/index.php\/wp-json\/wp\/v2\/media?parent=112"}],"curies":[{"name":"wp","href":"https:\/\/api.w.org\/{rel}","templated":true}]}}